{"version":"1.0","provider_name":"NOTICIAS","provider_url":"https:\/\/laredsocial-noticias.com\/wp","author_name":"Editor en Jefe","author_url":"https:\/\/laredsocial-noticias.com\/wp\/author\/jorgeochoa\/","title":"A.L la regi\u00f3n m\u00e1s violenta: BID - NOTICIAS","type":"rich","width":600,"height":338,"html":"<blockquote class=\"wp-embedded-content\" data-secret=\"i8sFGh1nzu\"><a href=\"https:\/\/laredsocial-noticias.com\/wp\/a-l-la-region-mas-violenta-bid\/\">A.L la regi\u00f3n  m\u00e1s violenta: BID<\/a><\/blockquote><iframe sandbox=\"allow-scripts\" security=\"restricted\" src=\"https:\/\/laredsocial-noticias.com\/wp\/a-l-la-region-mas-violenta-bid\/embed\/#?secret=i8sFGh1nzu\" width=\"600\" height=\"338\" title=\"\u00abA.L la regi\u00f3n  m\u00e1s violenta: BID\u00bb \u2014 NOTICIAS\" data-secret=\"i8sFGh1nzu\" frameborder=\"0\" marginwidth=\"0\" marginheight=\"0\" scrolling=\"no\" class=\"wp-embedded-content\"><\/iframe><script type=\"text\/javascript\">\n\/* <![CDATA[ *\/\n\/*! This file is auto-generated *\/\n!function(d,l){\"use strict\";l.querySelector&&d.addEventListener&&\"undefined\"!=typeof URL&&(d.wp=d.wp||{},d.wp.receiveEmbedMessage||(d.wp.receiveEmbedMessage=function(e){var t=e.data;if((t||t.secret||t.message||t.value)&&!\/[^a-zA-Z0-9]\/.test(t.secret)){for(var s,r,n,a=l.querySelectorAll('iframe[data-secret=\"'+t.secret+'\"]'),o=l.querySelectorAll('blockquote[data-secret=\"'+t.secret+'\"]'),c=new RegExp(\"^https?:$\",\"i\"),i=0;i<o.length;i++)o[i].style.display=\"none\";for(i=0;i<a.length;i++)s=a[i],e.source===s.contentWindow&&(s.removeAttribute(\"style\"),\"height\"===t.message?(1e3<(r=parseInt(t.value,10))?r=1e3:~~r<200&&(r=200),s.height=r):\"link\"===t.message&&(r=new URL(s.getAttribute(\"src\")),n=new URL(t.value),c.test(n.protocol))&&n.host===r.host&&l.activeElement===s&&(d.top.location.href=t.value))}},d.addEventListener(\"message\",d.wp.receiveEmbedMessage,!1),l.addEventListener(\"DOMContentLoaded\",function(){for(var e,t,s=l.querySelectorAll(\"iframe.wp-embedded-content\"),r=0;r<s.length;r++)(t=(e=s[r]).getAttribute(\"data-secret\"))||(t=Math.random().toString(36).substring(2,12),e.src+=\"#?secret=\"+t,e.setAttribute(\"data-secret\",t)),e.contentWindow.postMessage({message:\"ready\",secret:t},\"*\")},!1)))}(window,document);\n\/\/# sourceURL=https:\/\/laredsocial-noticias.com\/wp\/wp-includes\/js\/wp-embed.min.js\n\/* ]]> *\/\n<\/script>\n","description":"*Claudia Luna Palencia  Hace unos d\u00edas, el Banco Interamericano de Desarrollo (BID) emiti\u00f3 un informe relacionado con el coste anual del crimen y la violencia como detractores de la riqueza de una econom\u00eda.  Desde luego tambi\u00e9n como factor erosionante del tejido social e inhibidor del clima de inversiones, \u00bfqui\u00e9n quiere abrir una franquicia o trasladar una empresa subsidiaria en medio de r\u00e1fagas de bala, bombazos, secuestros y extorsi\u00f3n de empresarios?   El BID calcula en 261 mil millones de d\u00f3lares el costo aproximado anual del crimen y la violencia en Am\u00e9rica Latina; no nada m\u00e1s su impacto p\u00fablico sino tambi\u00e9n social y primordialmente privado.","thumbnail_url":"https:\/\/laredsocial-noticias.com\/wp\/wp-content\/uploads\/2017\/02\/Latinoam\u00e9rica-horz.jpg","thumbnail_width":600,"thumbnail_height":330}